{"id":38047,"date":"2026-07-08T15:15:56","date_gmt":"2026-07-08T13:15:56","guid":{"rendered":"https:\/\/realestatevalencia.es\/?post_type=estate_property&#038;p=38047"},"modified":"2026-08-18T15:28:51","modified_gmt":"2026-08-18T13:28:51","slug":"coming-soon","status":"publish","type":"estate_property","link":"https:\/\/realestatevalencia.es\/en\/property\/38047\/","title":{"rendered":"\ud83c\udfe2 EN EXCLUSIVA | LOCAL COMERCIAL RECI\u00c9N REFORMADO EN AYORA \u2013 VALENCIA"},"content":{"rendered":"\n<p class=\"wp-block-paragraph\">Presentamos en exclusiva este espectacular <strong>local comercial en alquiler, SIN TRASPASO<\/strong>, ubicado en una de las zonas m\u00e1s interesantes de <strong>Ayora \u2013 Camins al Grau<\/strong>, justo frente a una agradable zona ajardinada.<\/p>\n\n\n\n<p class=\"wp-block-paragraph\">\ud83d\udccd <strong>Carrer de Ramiro de Maeztu, 51 \u2013 Valencia<\/strong><\/p>\n\n\n\n<p class=\"wp-block-paragraph\">Un espacio pensado para quien busca empezar su actividad en un local moderno, amplio y listo para desarrollar un proyecto profesional.<\/p>\n\n\n\n<p class=\"wp-block-paragraph\">\u2728 <strong>CARACTER\u00cdSTICAS PRINCIPALES<\/strong><\/p>\n\n\n\n<p class=\"wp-block-paragraph\">\u25aa\ufe0f M\u00e1s de <strong>250 m\u00b2<\/strong><br>\u25aa\ufe0f Local completamente <strong>reformado recientemente<\/strong><br>\u25aa\ufe0f Excelente ubicaci\u00f3n <strong>en esquina<\/strong><br>\u25aa\ufe0f Much\u00edsima <strong>luz natural y visibilidad comercial<\/strong><br>\u25aa\ufe0f Amplios espacios interiores<br>\u25aa\ufe0f <strong>Cocina profesional instalada<\/strong><br>\u25aa\ufe0f <strong>Salida de humos profesional<\/strong><br>\u25aa\ufe0f <strong>Licencia operativa<\/strong><br>\u25aa\ufe0f <strong>Sin traspaso<\/strong><br>\u25aa\ufe0f Frente a zona verde y ajardinada<br>\u25aa\ufe0f Comercializaci\u00f3n <strong>en exclusiva<\/strong><\/p>\n\n\n\n<p class=\"wp-block-paragraph\">Por superficie, distribuci\u00f3n, visibilidad y equipamiento, es un local con much\u00edsimas posibilidades para desarrollar un nuevo concepto de <strong>restauraci\u00f3n, hosteler\u00eda o actividad comercial compatible con la licencia<\/strong>.<\/p>\n\n\n\n<p class=\"wp-block-paragraph\">Una oportunidad especialmente interesante para quien quiere evitar una inversi\u00f3n inicial elevada en obras y entrar en un espacio <strong>ya reformado y preparado para operar<\/strong>.<\/p>\n\n\n\n<p class=\"wp-block-paragraph\">\ud83d\udce9 Solicita informaci\u00f3n, condiciones del alquiler y visita privada.<\/p>\n\n\n\n<p class=\"wp-block-paragraph\">\ud83d\udd10 <strong>EXCLUSIVA REAL ESTATE VALENCIA<\/strong><\/p>\n\n\n\n<p class=\"wp-block-paragraph\"><strong>RealEstateValencia.es<\/strong><br>Especialistas en locales comerciales, hosteler\u00eda y oportunidades de inversi\u00f3n en Valencia.<\/p>\n\n\n\n<p class=\"wp-block-paragraph\">#LocalValencia #AlquilerValencia #Ayora #HosteleriaValencia #RealEstateValencia<\/p>\n","protected":false},"excerpt":{"rendered":"<p>Presentamos en exclusiva este espectacular local comercial en alquiler, SIN TRASPASO, ubicado en una de las zonas m\u00e1s interesantes de Ayora \u2013 Camins al Grau, justo frente a una agradable zona ajardinada. \ud83d\udccd Carrer de Ramiro de Maeztu, 51 \u2013 Valencia Un espacio pensado para quien busca empezar su actividad en un local moderno, amplio y listo para desarrollar un proyecto profesional. \u2728 CARACTER\u00cdSTICAS &#8230;<\/p>\n","protected":false},"featured_media":38096,"comment_status":"open","ping_status":"closed","template":"","property_category":[71],"property_action_category":[83,401],"property_city":[130],"property_area":[149,154],"property_county_state":[131],"property_features":[111,162,448,402,118,86,117,123,404,70,108,113],"property_status":[60],"class_list":["post-38047","estate_property","type-estate_property","status-publish","has-post-thumbnail","hentry","property_category-commercial","property_action_category-for-rent","property_action_category-sin-traspaso","property_city-valencia","property_area-ayora","property_area-camin-el-grau","property_county_state-espana","property_features-water","property_features-aire-acondicionado","property_features-almacen","property_features-banos-adaptados","property_features-equipped-kitchen","property_features-interior-details","property_features-electricity","property_features-natural-gas","property_features-horno-pizza-profesional","property_features-chair-accessible","property_features-ventilation","property_features-wifi","property_status-active"],"yoast_head":"<!-- This site is optimized with the Yoast SEO plugin v27.9 - https:\/\/yoast.com\/product\/yoast-seo-wordpress\/ -->\n<title>\ud83c\udfe2 EN EXCLUSIVA | LOCAL COMERCIAL RECI\u00c9N REFORMADO EN AYORA \u2013 VALENCIA - Realestatevalencia<\/title>\n<meta name=\"description\" content=\"Local comercial en esquina en Ayora, Valencia, reci\u00e9n reformado, m\u00e1s de 250 m\u00b2, cocina profesional, salida de humos y licencia operativa. Sin traspaso.\" \/>\n<meta name=\"robots\" content=\"noindex, follow\" \/>\n<meta property=\"og:locale\" content=\"en_US\" \/>\n<meta property=\"og:type\" content=\"article\" \/>\n<meta property=\"og:title\" content=\"\ud83c\udfe2 EN EXCLUSIVA | LOCAL COMERCIAL RECI\u00c9N REFORMADO EN AYORA \u2013 VALENCIA - Realestatevalencia\" \/>\n<meta property=\"og:description\" content=\"Local comercial en esquina en Ayora, Valencia, reci\u00e9n reformado, m\u00e1s de 250 m\u00b2, cocina profesional, salida de humos y licencia operativa. Sin traspaso.\" \/>\n<meta property=\"og:url\" content=\"https:\/\/realestatevalencia.es\/property\/38047\/\" \/>\n<meta property=\"og:site_name\" content=\"Realestatevalencia\" \/>\n<meta property=\"article:modified_time\" content=\"2026-08-18T13:28:51+00:00\" \/>\n<meta property=\"og:image\" content=\"https:\/\/realestatevalencia.es\/wp-content\/uploads\/2026\/07\/se-alquila-en-valencia-1-scaled.jpeg\" \/>\n\t<meta property=\"og:image:width\" content=\"1920\" \/>\n\t<meta property=\"og:image:height\" content=\"2560\" \/>\n\t<meta property=\"og:image:type\" content=\"image\/jpeg\" \/>\n<meta name=\"twitter:card\" content=\"summary_large_image\" \/>\n<meta name=\"twitter:label1\" content=\"Est. reading time\" \/>\n\t<meta name=\"twitter:data1\" content=\"2 minutes\" \/>\n<script type=\"application\/ld+json\" class=\"yoast-schema-graph\">{\"@context\":\"https:\\\/\\\/schema.org\",\"@graph\":[{\"@type\":\"WebPage\",\"@id\":\"https:\\\/\\\/realestatevalencia.es\\\/property\\\/38047\\\/\",\"url\":\"https:\\\/\\\/realestatevalencia.es\\\/property\\\/38047\\\/\",\"name\":\"\ud83c\udfe2 EN EXCLUSIVA | LOCAL COMERCIAL RECI\u00c9N REFORMADO EN AYORA \u2013 VALENCIA - Realestatevalencia\",\"isPartOf\":{\"@id\":\"https:\\\/\\\/realestatevalencia.es\\\/#website\"},\"primaryImageOfPage\":{\"@id\":\"https:\\\/\\\/realestatevalencia.es\\\/property\\\/38047\\\/#primaryimage\"},\"image\":{\"@id\":\"https:\\\/\\\/realestatevalencia.es\\\/property\\\/38047\\\/#primaryimage\"},\"thumbnailUrl\":\"https:\\\/\\\/realestatevalencia.es\\\/wp-content\\\/uploads\\\/2026\\\/07\\\/se-alquila-en-valencia-1-scaled.jpeg\",\"datePublished\":\"2026-07-08T13:15:56+00:00\",\"dateModified\":\"2026-08-18T13:28:51+00:00\",\"description\":\"Local comercial en esquina en Ayora, Valencia, reci\u00e9n reformado, m\u00e1s de 250 m\u00b2, cocina profesional, salida de humos y licencia operativa. Sin traspaso.\",\"breadcrumb\":{\"@id\":\"https:\\\/\\\/realestatevalencia.es\\\/property\\\/38047\\\/#breadcrumb\"},\"inLanguage\":\"en-US\",\"potentialAction\":[{\"@type\":\"ReadAction\",\"target\":[\"https:\\\/\\\/realestatevalencia.es\\\/property\\\/38047\\\/\"]}]},{\"@type\":\"ImageObject\",\"inLanguage\":\"en-US\",\"@id\":\"https:\\\/\\\/realestatevalencia.es\\\/property\\\/38047\\\/#primaryimage\",\"url\":\"https:\\\/\\\/realestatevalencia.es\\\/wp-content\\\/uploads\\\/2026\\\/07\\\/se-alquila-en-valencia-1-scaled.jpeg\",\"contentUrl\":\"https:\\\/\\\/realestatevalencia.es\\\/wp-content\\\/uploads\\\/2026\\\/07\\\/se-alquila-en-valencia-1-scaled.jpeg\",\"width\":1920,\"height\":2560},{\"@type\":\"BreadcrumbList\",\"@id\":\"https:\\\/\\\/realestatevalencia.es\\\/property\\\/38047\\\/#breadcrumb\",\"itemListElement\":[{\"@type\":\"ListItem\",\"position\":1,\"name\":\"Portada\",\"item\":\"https:\\\/\\\/realestatevalencia.es\\\/\"},{\"@type\":\"ListItem\",\"position\":2,\"name\":\"Propiedades\",\"item\":\"https:\\\/\\\/realestatevalencia.es\\\/property\\\/\"},{\"@type\":\"ListItem\",\"position\":3,\"name\":\"\ud83c\udfe2 EN EXCLUSIVA | LOCAL COMERCIAL RECI\u00c9N REFORMADO EN AYORA \u2013 VALENCIA\"}]},{\"@type\":\"WebSite\",\"@id\":\"https:\\\/\\\/realestatevalencia.es\\\/#website\",\"url\":\"https:\\\/\\\/realestatevalencia.es\\\/\",\"name\":\"Realestatevalencia\",\"description\":\"Agencia inmobiliaria especializada en compra, venta, alquiler y traspaso de propiedades en Valencia y la Comunidad Valenciana.\",\"alternateName\":\"RealEstateValencia\",\"potentialAction\":[{\"@type\":\"SearchAction\",\"target\":{\"@type\":\"EntryPoint\",\"urlTemplate\":\"https:\\\/\\\/realestatevalencia.es\\\/?s={search_term_string}\"},\"query-input\":{\"@type\":\"PropertyValueSpecification\",\"valueRequired\":true,\"valueName\":\"search_term_string\"}}],\"inLanguage\":\"en-US\"}]}<\/script>\n<!-- \/ Yoast SEO plugin. -->","yoast_head_json":{"title":"\ud83c\udfe2 EN EXCLUSIVA | LOCAL COMERCIAL RECI\u00c9N REFORMADO EN AYORA \u2013 VALENCIA - Realestatevalencia","description":"Local comercial en esquina en Ayora, Valencia, reci\u00e9n reformado, m\u00e1s de 250 m\u00b2, cocina profesional, salida de humos y licencia operativa. Sin traspaso.","robots":{"index":"noindex","follow":"follow"},"og_locale":"en_US","og_type":"article","og_title":"\ud83c\udfe2 EN EXCLUSIVA | LOCAL COMERCIAL RECI\u00c9N REFORMADO EN AYORA \u2013 VALENCIA - Realestatevalencia","og_description":"Local comercial en esquina en Ayora, Valencia, reci\u00e9n reformado, m\u00e1s de 250 m\u00b2, cocina profesional, salida de humos y licencia operativa. Sin traspaso.","og_url":"https:\/\/realestatevalencia.es\/property\/38047\/","og_site_name":"Realestatevalencia","article_modified_time":"2026-08-18T13:28:51+00:00","og_image":[{"width":1920,"height":2560,"url":"https:\/\/realestatevalencia.es\/wp-content\/uploads\/2026\/07\/se-alquila-en-valencia-1-scaled.jpeg","type":"image\/jpeg"}],"twitter_card":"summary_large_image","twitter_misc":{"Est. reading time":"2 minutes"},"schema":{"@context":"https:\/\/schema.org","@graph":[{"@type":"WebPage","@id":"https:\/\/realestatevalencia.es\/property\/38047\/","url":"https:\/\/realestatevalencia.es\/property\/38047\/","name":"\ud83c\udfe2 EN EXCLUSIVA | LOCAL COMERCIAL RECI\u00c9N REFORMADO EN AYORA \u2013 VALENCIA - Realestatevalencia","isPartOf":{"@id":"https:\/\/realestatevalencia.es\/#website"},"primaryImageOfPage":{"@id":"https:\/\/realestatevalencia.es\/property\/38047\/#primaryimage"},"image":{"@id":"https:\/\/realestatevalencia.es\/property\/38047\/#primaryimage"},"thumbnailUrl":"https:\/\/realestatevalencia.es\/wp-content\/uploads\/2026\/07\/se-alquila-en-valencia-1-scaled.jpeg","datePublished":"2026-07-08T13:15:56+00:00","dateModified":"2026-08-18T13:28:51+00:00","description":"Local comercial en esquina en Ayora, Valencia, reci\u00e9n reformado, m\u00e1s de 250 m\u00b2, cocina profesional, salida de humos y licencia operativa. Sin traspaso.","breadcrumb":{"@id":"https:\/\/realestatevalencia.es\/property\/38047\/#breadcrumb"},"inLanguage":"en-US","potentialAction":[{"@type":"ReadAction","target":["https:\/\/realestatevalencia.es\/property\/38047\/"]}]},{"@type":"ImageObject","inLanguage":"en-US","@id":"https:\/\/realestatevalencia.es\/property\/38047\/#primaryimage","url":"https:\/\/realestatevalencia.es\/wp-content\/uploads\/2026\/07\/se-alquila-en-valencia-1-scaled.jpeg","contentUrl":"https:\/\/realestatevalencia.es\/wp-content\/uploads\/2026\/07\/se-alquila-en-valencia-1-scaled.jpeg","width":1920,"height":2560},{"@type":"BreadcrumbList","@id":"https:\/\/realestatevalencia.es\/property\/38047\/#breadcrumb","itemListElement":[{"@type":"ListItem","position":1,"name":"Portada","item":"https:\/\/realestatevalencia.es\/"},{"@type":"ListItem","position":2,"name":"Propiedades","item":"https:\/\/realestatevalencia.es\/property\/"},{"@type":"ListItem","position":3,"name":"\ud83c\udfe2 EN EXCLUSIVA | LOCAL COMERCIAL RECI\u00c9N REFORMADO EN AYORA \u2013 VALENCIA"}]},{"@type":"WebSite","@id":"https:\/\/realestatevalencia.es\/#website","url":"https:\/\/realestatevalencia.es\/","name":"Realestatevalencia","description":"Agencia inmobiliaria especializada en compra, venta, alquiler y traspaso de propiedades en Valencia y la Comunidad Valenciana.","alternateName":"RealEstateValencia","potentialAction":[{"@type":"SearchAction","target":{"@type":"EntryPoint","urlTemplate":"https:\/\/realestatevalencia.es\/?s={search_term_string}"},"query-input":{"@type":"PropertyValueSpecification","valueRequired":true,"valueName":"search_term_string"}}],"inLanguage":"en-US"}]}},"_links":{"self":[{"href":"https:\/\/realestatevalencia.es\/en\/wp-json\/wp\/v2\/estate_property\/38047","targetHints":{"allow":["GET"]}}],"collection":[{"href":"https:\/\/realestatevalencia.es\/en\/wp-json\/wp\/v2\/estate_property"}],"about":[{"href":"https:\/\/realestatevalencia.es\/en\/wp-json\/wp\/v2\/types\/estate_property"}],"replies":[{"embeddable":true,"href":"https:\/\/realestatevalencia.es\/en\/wp-json\/wp\/v2\/comments?post=38047"}],"wp:featuredmedia":[{"embeddable":true,"href":"https:\/\/realestatevalencia.es\/en\/wp-json\/wp\/v2\/media\/38096"}],"wp:attachment":[{"href":"https:\/\/realestatevalencia.es\/en\/wp-json\/wp\/v2\/media?parent=38047"}],"wp:term":[{"taxonomy":"property_category","embeddable":true,"href":"https:\/\/realestatevalencia.es\/en\/wp-json\/wp\/v2\/property_category?post=38047"},{"taxonomy":"property_action_category","embeddable":true,"href":"https:\/\/realestatevalencia.es\/en\/wp-json\/wp\/v2\/property_action_category?post=38047"},{"taxonomy":"property_city","embeddable":true,"href":"https:\/\/realestatevalencia.es\/en\/wp-json\/wp\/v2\/property_city?post=38047"},{"taxonomy":"property_area","embeddable":true,"href":"https:\/\/realestatevalencia.es\/en\/wp-json\/wp\/v2\/property_area?post=38047"},{"taxonomy":"property_county_state","embeddable":true,"href":"https:\/\/realestatevalencia.es\/en\/wp-json\/wp\/v2\/property_county_state?post=38047"},{"taxonomy":"property_features","embeddable":true,"href":"https:\/\/realestatevalencia.es\/en\/wp-json\/wp\/v2\/property_features?post=38047"},{"taxonomy":"property_status","embeddable":true,"href":"https:\/\/realestatevalencia.es\/en\/wp-json\/wp\/v2\/property_status?post=38047"}],"curies":[{"name":"wp","href":"https:\/\/api.w.org\/{rel}","templated":true}]}}